{"id":4688,"date":"2021-01-26T15:41:04","date_gmt":"2021-01-26T14:41:04","guid":{"rendered":"https:\/\/www.prolocoasciano.it\/?page_id=4688"},"modified":"2021-01-30T23:46:16","modified_gmt":"2021-01-30T22:46:16","slug":"meio-maschera-2021","status":"publish","type":"page","link":"https:\/\/www.prolocoasciano.it\/en\/meio-maschera-2021\/","title":{"rendered":"Meio Maschera 2021"},"content":{"rendered":"<div data-elementor-type=\"wp-page\" data-elementor-id=\"4688\" class=\"elementor elementor-4688\" data-elementor-post-type=\"page\">\n\t\t\t\t\t\t<section class=\"elementor-section elementor-top-section elementor-element elementor-element-38b76c54 elementor-section-full_width elementor-section-height-default elementor-section-height-default\" data-id=\"38b76c54\" data-element_type=\"section\" data-settings=\"{&quot;background_background&quot;:&quot;classic&quot;}\">\n\t\t\t\t\t\t<div class=\"elementor-container elementor-column-gap-default\">\n\t\t\t\t\t<div class=\"elementor-column elementor-col-100 elementor-top-column elementor-element elementor-element-3534ce52\" data-id=\"3534ce52\" data-element_type=\"column\" data-settings=\"{&quot;background_background&quot;:&quot;classic&quot;}\">\n\t\t\t<div class=\"elementor-widget-wrap elementor-element-populated\">\n\t\t\t\t\t\t<div class=\"elementor-element elementor-element-fbcd733 elementor-invisible elementor-widget elementor-widget-image\" data-id=\"fbcd733\" data-element_type=\"widget\" data-settings=\"{&quot;_animation_mobile&quot;:&quot;zoomInDown&quot;,&quot;_animation&quot;:&quot;tada&quot;}\" data-widget_type=\"image.default\">\n\t\t\t\t<div class=\"elementor-widget-container\">\n\t\t\t\t\t\t\t\t\t\t\t\t\t\t\t<img fetchpriority=\"high\" decoding=\"async\" width=\"750\" height=\"422\" src=\"https:\/\/www.prolocoasciano.it\/wp-content\/uploads\/2021\/01\/meio-maschera-1024x576.png\" class=\"attachment-large size-large wp-image-4817\" alt=\"asciano meio maschera 2021\" srcset=\"https:\/\/www.prolocoasciano.it\/wp-content\/uploads\/2021\/01\/meio-maschera-1024x576.png 1024w, https:\/\/www.prolocoasciano.it\/wp-content\/uploads\/2021\/01\/meio-maschera-300x169.png 300w, https:\/\/www.prolocoasciano.it\/wp-content\/uploads\/2021\/01\/meio-maschera-768x432.png 768w, https:\/\/www.prolocoasciano.it\/wp-content\/uploads\/2021\/01\/meio-maschera-1536x864.png 1536w, https:\/\/www.prolocoasciano.it\/wp-content\/uploads\/2021\/01\/meio-maschera.png 1920w\" sizes=\"(max-width: 750px) 100vw, 750px\" \/>\t\t\t\t\t\t\t\t\t\t\t\t\t\t\t<\/div>\n\t\t\t\t<\/div>\n\t\t\t\t<div class=\"elementor-element elementor-element-3ec8fa0 elementor-widget elementor-widget-text-editor\" data-id=\"3ec8fa0\" data-element_type=\"widget\" data-widget_type=\"text-editor.default\">\n\t\t\t\t<div class=\"elementor-widget-container\">\n\t\t\t\t\t\t\t\t\t<h2>La pandemia ha fermato il carnevale ma non la nostra voglia di divertirci.<br \/>FANTASTICI PREMI VI ASPETTANO, scopri come partecipare ai nostri\u00a0<span style=\"font-weight: bold;\">2 concorsi<\/span>:<\/h2>\t\t\t\t\t\t\t\t<\/div>\n\t\t\t\t<\/div>\n\t\t\t\t<section class=\"elementor-section elementor-inner-section elementor-element elementor-element-b88d54f elementor-section-boxed elementor-section-height-default elementor-section-height-default\" data-id=\"b88d54f\" data-element_type=\"section\">\n\t\t\t\t\t\t<div class=\"elementor-container elementor-column-gap-default\">\n\t\t\t\t\t<div class=\"elementor-column elementor-col-50 elementor-inner-column elementor-element elementor-element-ea03fc1\" data-id=\"ea03fc1\" data-element_type=\"column\" data-settings=\"{&quot;background_background&quot;:&quot;classic&quot;}\">\n\t\t\t<div class=\"elementor-widget-wrap elementor-element-populated\">\n\t\t\t\t\t\t<div class=\"elementor-element elementor-element-2186cde elementor-widget elementor-widget-text-editor\" data-id=\"2186cde\" data-element_type=\"widget\" data-widget_type=\"text-editor.default\">\n\t\t\t\t<div class=\"elementor-widget-container\">\n\t\t\t\t\t\t\t\t\t<p><b><span style=\"color: inherit; font-family: 'Lucida Sans Unicode', 'Lucida Grande', sans-serif; font-size: inherit;\">1 &#8211; Best of La Meio Maschera<\/span><br \/><\/b><\/p><p>Abbiamo creato un nuovo album su Facebook con le foto che hanno superato i 100 <b>mi piace<\/b> nelle edizioni <b>dal 2014 al 2020<\/b>. Metti mi piace alle foto che vuoi far vincere, il giorno 13 Febbraio alle 23:59 chi avr\u00e0 ottenuto pi\u00f9 mi piace vincer\u00e0 un <b>FANTASTICO PREMIO<\/b>.<\/p>\t\t\t\t\t\t\t\t<\/div>\n\t\t\t\t<\/div>\n\t\t\t\t<div class=\"elementor-element elementor-element-a80f50d elementor-widget-mobile__width-initial elementor-widget elementor-widget-html\" data-id=\"a80f50d\" data-element_type=\"widget\" data-widget_type=\"html.default\">\n\t\t\t\t<div class=\"elementor-widget-container\">\n\t\t\t\t\t<div id=\"fb-root\"><\/div>\n<script async defer crossorigin=\"anonymous\" src=\"https:\/\/connect.facebook.net\/it_IT\/sdk.js#xfbml=1&version=v9.0&appId=2104907772976549&autoLogAppEvents=1\" nonce=\"TlmP8rkh\"><\/script>\n<div class=\"fb-post\" data-href=\"https:\/\/www.facebook.com\/carnevalediasciano\/posts\/4000397849984707\" data-width=\"500\" data-show-text=\"true\"><blockquote cite=\"https:\/\/www.facebook.com\/carnevalediasciano\/posts\/4000397849984707\" class=\"fb-xfbml-parse-ignore\"><p>La pandemia ha fermato il carnevale ma non la nostra voglia di divertirci.\n\nBest of \u201cLa Meio Maschera\u201d - Abbiamo creato...<\/p>Pubblicato da <a href=\"https:\/\/www.facebook.com\/carnevalediasciano\/\">Carnevale Di Asciano<\/a> su&nbsp;<a href=\"https:\/\/www.facebook.com\/carnevalediasciano\/posts\/4000397849984707\">Sabato 30 gennaio 2021<\/a><\/blockquote><\/div>\t\t\t\t<\/div>\n\t\t\t\t<\/div>\n\t\t\t\t\t<\/div>\n\t\t<\/div>\n\t\t\t\t<div class=\"elementor-column elementor-col-50 elementor-inner-column elementor-element elementor-element-ce05533\" data-id=\"ce05533\" data-element_type=\"column\" data-settings=\"{&quot;background_background&quot;:&quot;classic&quot;}\">\n\t\t\t<div class=\"elementor-widget-wrap elementor-element-populated\">\n\t\t\t\t\t\t<div class=\"elementor-element elementor-element-91e4185 elementor-widget elementor-widget-text-editor\" data-id=\"91e4185\" data-element_type=\"widget\" data-widget_type=\"text-editor.default\">\n\t\t\t\t<div class=\"elementor-widget-container\">\n\t\t\t\t\t\t\t\t\t<p><span style=\"color: inherit; font-family: 'Lucida Sans Unicode', 'Lucida Grande', sans-serif; font-size: inherit;\"><b>2 &#8211; La Meio Maschera 2021<\/b><\/span><\/p><p>Partecipa caricando una <b>nuova foto<\/b> vestito da carnevale sul tuo profilo Instagram e tagga @carnevalediasciano<br \/><span style=\"font-size: inherit;\">Noi la riposteremo sul nostro Instagram e sar\u00e0 li che dovrai far mettere <b>mi piace<\/b> ai tuoi amici.<br \/><\/span><span style=\"font-size: inherit;\">Il giorno 13 Febbraio alle 23:59 chi avr\u00e0 ottenuto pi\u00f9 mi piace vincer\u00e0 un <b>FANTASTICO PREMIO<\/b>.<\/span><\/p>\t\t\t\t\t\t\t\t<\/div>\n\t\t\t\t<\/div>\n\t\t\t\t<div class=\"elementor-element elementor-element-70168df elementor-widget elementor-widget-html\" data-id=\"70168df\" data-element_type=\"widget\" data-widget_type=\"html.default\">\n\t\t\t\t<div class=\"elementor-widget-container\">\n\t\t\t\t\t[wdi_feed id=\"1\"]\t\t\t\t<\/div>\n\t\t\t\t<\/div>\n\t\t\t\t\t<\/div>\n\t\t<\/div>\n\t\t\t\t\t<\/div>\n\t\t<\/section>\n\t\t\t\t<div class=\"elementor-element elementor-element-6c5414b elementor-widget elementor-widget-spacer\" data-id=\"6c5414b\" data-element_type=\"widget\" data-widget_type=\"spacer.default\">\n\t\t\t\t<div class=\"elementor-widget-container\">\n\t\t\t\t\t\t\t<div class=\"elementor-spacer\">\n\t\t\t<div class=\"elementor-spacer-inner\"><\/div>\n\t\t<\/div>\n\t\t\t\t\t\t<\/div>\n\t\t\t\t<\/div>\n\t\t\t\t<div class=\"elementor-element elementor-element-2404c19 elementor-widget elementor-widget-text-editor\" data-id=\"2404c19\" data-element_type=\"widget\" data-widget_type=\"text-editor.default\">\n\t\t\t\t<div class=\"elementor-widget-container\">\n\t\t\t\t\t\t\t\t\t<p class=\"p1\"><span style=\"font-size: inherit;\">Metti mi piace su\u00a0<\/span><a href=\"https:\/\/www.instagram.com\/carnevalediasciano\/\" target=\"_blank\" style=\"font-size: inherit; background-color: #ffff;\" rel=\"noopener\">Instagram<\/a><span style=\"font-size: inherit;\">\u00a0e\u00a0<\/span><a href=\"https:\/\/www.facebook.com\/carnevalediasciano\/\" style=\"font-size: inherit; background-color: #ffffff;\">Facebook<\/a><span style=\"font-size: inherit;\">\u00a0di @carnevalediasciano dove nei prossimi giorni sveleremo i premi in palio!<\/span><\/p>\t\t\t\t\t\t\t\t<\/div>\n\t\t\t\t<\/div>\n\t\t\t\t\t<\/div>\n\t\t<\/div>\n\t\t\t\t\t<\/div>\n\t\t<\/section>\n\t\t\t\t<\/div>","protected":false},"excerpt":{"rendered":"<p>La pandemia ha fermato il carnevale ma non la nostra voglia di divertirci.FANTASTICI PREMI VI ASPETTANO, scopri come partecipare ai nostri\u00a02 concorsi: 1 &#8211; Best of La Meio Maschera Abbiamo creato un nuovo album su Facebook con le foto che hanno superato i 100 mi piace nelle edizioni dal 2014 [&hellip;]<\/p>","protected":false},"author":1,"featured_media":4824,"parent":0,"menu_order":0,"comment_status":"closed","ping_status":"closed","template":"elementor_header_footer","meta":{"footnotes":""},"class_list":["post-4688","page","type-page","status-publish","has-post-thumbnail","hentry"],"yoast_head":"<!-- This site is optimized with the Yoast SEO plugin v26.0 - https:\/\/yoast.com\/wordpress\/plugins\/seo\/ -->\n<title>Meio Maschera 2021 - Pro Loco Asciano<\/title>\n<meta name=\"robots\" content=\"index, follow, max-snippet:-1, max-image-preview:large, max-video-preview:-1\" \/>\n<link rel=\"canonical\" href=\"https:\/\/www.prolocoasciano.it\/en\/meio-maschera-2021\/\" \/>\n<meta property=\"og:locale\" content=\"en_GB\" \/>\n<meta property=\"og:type\" content=\"article\" \/>\n<meta property=\"og:title\" content=\"Meio Maschera 2021 - Pro Loco Asciano\" \/>\n<meta property=\"og:description\" content=\"La pandemia ha fermato il carnevale ma non la nostra voglia di divertirci.FANTASTICI PREMI VI ASPETTANO, scopri come partecipare ai nostri\u00a02 concorsi: 1 &#8211; Best of La Meio Maschera Abbiamo creato un nuovo album su Facebook con le foto che hanno superato i 100 mi piace nelle edizioni dal 2014 [&hellip;]\" \/>\n<meta property=\"og:url\" content=\"https:\/\/www.prolocoasciano.it\/en\/meio-maschera-2021\/\" \/>\n<meta property=\"og:site_name\" content=\"Pro Loco Asciano\" \/>\n<meta property=\"article:modified_time\" content=\"2021-01-30T22:46:16+00:00\" \/>\n<meta property=\"og:image\" content=\"https:\/\/www.prolocoasciano.it\/wp-content\/uploads\/2021\/01\/cover-maio-ok.png\" \/>\n\t<meta property=\"og:image:width\" content=\"1920\" \/>\n\t<meta property=\"og:image:height\" content=\"720\" \/>\n\t<meta property=\"og:image:type\" content=\"image\/png\" \/>\n<meta name=\"twitter:card\" content=\"summary_large_image\" \/>\n<meta name=\"twitter:label1\" content=\"Estimated reading time\" \/>\n\t<meta name=\"twitter:data1\" content=\"1 minute\" \/>\n<script type=\"application\/ld+json\" class=\"yoast-schema-graph\">{\"@context\":\"https:\/\/schema.org\",\"@graph\":[{\"@type\":\"WebPage\",\"@id\":\"https:\/\/www.prolocoasciano.it\/meio-maschera-2021\/\",\"url\":\"https:\/\/www.prolocoasciano.it\/meio-maschera-2021\/\",\"name\":\"Meio Maschera 2021 - Pro Loco Asciano\",\"isPartOf\":{\"@id\":\"https:\/\/www.prolocoasciano.it\/#website\"},\"primaryImageOfPage\":{\"@id\":\"https:\/\/www.prolocoasciano.it\/meio-maschera-2021\/#primaryimage\"},\"image\":{\"@id\":\"https:\/\/www.prolocoasciano.it\/meio-maschera-2021\/#primaryimage\"},\"thumbnailUrl\":\"https:\/\/www.prolocoasciano.it\/wp-content\/uploads\/2021\/01\/cover-maio-ok.png\",\"datePublished\":\"2021-01-26T14:41:04+00:00\",\"dateModified\":\"2021-01-30T22:46:16+00:00\",\"breadcrumb\":{\"@id\":\"https:\/\/www.prolocoasciano.it\/meio-maschera-2021\/#breadcrumb\"},\"inLanguage\":\"en-GB\",\"potentialAction\":[{\"@type\":\"ReadAction\",\"target\":[\"https:\/\/www.prolocoasciano.it\/meio-maschera-2021\/\"]}]},{\"@type\":\"ImageObject\",\"inLanguage\":\"en-GB\",\"@id\":\"https:\/\/www.prolocoasciano.it\/meio-maschera-2021\/#primaryimage\",\"url\":\"https:\/\/www.prolocoasciano.it\/wp-content\/uploads\/2021\/01\/cover-maio-ok.png\",\"contentUrl\":\"https:\/\/www.prolocoasciano.it\/wp-content\/uploads\/2021\/01\/cover-maio-ok.png\",\"width\":1920,\"height\":720,\"caption\":\"asciano meio maschera 2021\"},{\"@type\":\"BreadcrumbList\",\"@id\":\"https:\/\/www.prolocoasciano.it\/meio-maschera-2021\/#breadcrumb\",\"itemListElement\":[{\"@type\":\"ListItem\",\"position\":1,\"name\":\"Home\",\"item\":\"https:\/\/www.prolocoasciano.it\/\"},{\"@type\":\"ListItem\",\"position\":2,\"name\":\"Meio Maschera 2021\"}]},{\"@type\":\"WebSite\",\"@id\":\"https:\/\/www.prolocoasciano.it\/#website\",\"url\":\"https:\/\/www.prolocoasciano.it\/\",\"name\":\"Pro Loco Asciano\",\"description\":\"Promozione e sviluppo del territorio di Asciano\",\"publisher\":{\"@id\":\"https:\/\/www.prolocoasciano.it\/#organization\"},\"potentialAction\":[{\"@type\":\"SearchAction\",\"target\":{\"@type\":\"EntryPoint\",\"urlTemplate\":\"https:\/\/www.prolocoasciano.it\/?s={search_term_string}\"},\"query-input\":{\"@type\":\"PropertyValueSpecification\",\"valueRequired\":true,\"valueName\":\"search_term_string\"}}],\"inLanguage\":\"en-GB\"},{\"@type\":\"Organization\",\"@id\":\"https:\/\/www.prolocoasciano.it\/#organization\",\"name\":\"Pro Loco Asciano APS\",\"url\":\"https:\/\/www.prolocoasciano.it\/\",\"logo\":{\"@type\":\"ImageObject\",\"inLanguage\":\"en-GB\",\"@id\":\"https:\/\/www.prolocoasciano.it\/#\/schema\/logo\/image\/\",\"url\":\"https:\/\/www.prolocoasciano.it\/wp-content\/uploads\/2019\/02\/proloco_asciano_logo.png\",\"contentUrl\":\"https:\/\/www.prolocoasciano.it\/wp-content\/uploads\/2019\/02\/proloco_asciano_logo.png\",\"width\":881,\"height\":557,\"caption\":\"Pro Loco Asciano APS\"},\"image\":{\"@id\":\"https:\/\/www.prolocoasciano.it\/#\/schema\/logo\/image\/\"}}]}<\/script>\n<!-- \/ Yoast SEO plugin. -->","yoast_head_json":{"title":"Meio Maschera 2021 - Pro Loco Asciano","robots":{"index":"index","follow":"follow","max-snippet":"max-snippet:-1","max-image-preview":"max-image-preview:large","max-video-preview":"max-video-preview:-1"},"canonical":"https:\/\/www.prolocoasciano.it\/en\/meio-maschera-2021\/","og_locale":"en_GB","og_type":"article","og_title":"Meio Maschera 2021 - Pro Loco Asciano","og_description":"La pandemia ha fermato il carnevale ma non la nostra voglia di divertirci.FANTASTICI PREMI VI ASPETTANO, scopri come partecipare ai nostri\u00a02 concorsi: 1 &#8211; Best of La Meio Maschera Abbiamo creato un nuovo album su Facebook con le foto che hanno superato i 100 mi piace nelle edizioni dal 2014 [&hellip;]","og_url":"https:\/\/www.prolocoasciano.it\/en\/meio-maschera-2021\/","og_site_name":"Pro Loco Asciano","article_modified_time":"2021-01-30T22:46:16+00:00","og_image":[{"width":1920,"height":720,"url":"https:\/\/www.prolocoasciano.it\/wp-content\/uploads\/2021\/01\/cover-maio-ok.png","type":"image\/png"}],"twitter_card":"summary_large_image","twitter_misc":{"Estimated reading time":"1 minute"},"schema":{"@context":"https:\/\/schema.org","@graph":[{"@type":"WebPage","@id":"https:\/\/www.prolocoasciano.it\/meio-maschera-2021\/","url":"https:\/\/www.prolocoasciano.it\/meio-maschera-2021\/","name":"Meio Maschera 2021 - Pro Loco Asciano","isPartOf":{"@id":"https:\/\/www.prolocoasciano.it\/#website"},"primaryImageOfPage":{"@id":"https:\/\/www.prolocoasciano.it\/meio-maschera-2021\/#primaryimage"},"image":{"@id":"https:\/\/www.prolocoasciano.it\/meio-maschera-2021\/#primaryimage"},"thumbnailUrl":"https:\/\/www.prolocoasciano.it\/wp-content\/uploads\/2021\/01\/cover-maio-ok.png","datePublished":"2021-01-26T14:41:04+00:00","dateModified":"2021-01-30T22:46:16+00:00","breadcrumb":{"@id":"https:\/\/www.prolocoasciano.it\/meio-maschera-2021\/#breadcrumb"},"inLanguage":"en-GB","potentialAction":[{"@type":"ReadAction","target":["https:\/\/www.prolocoasciano.it\/meio-maschera-2021\/"]}]},{"@type":"ImageObject","inLanguage":"en-GB","@id":"https:\/\/www.prolocoasciano.it\/meio-maschera-2021\/#primaryimage","url":"https:\/\/www.prolocoasciano.it\/wp-content\/uploads\/2021\/01\/cover-maio-ok.png","contentUrl":"https:\/\/www.prolocoasciano.it\/wp-content\/uploads\/2021\/01\/cover-maio-ok.png","width":1920,"height":720,"caption":"asciano meio maschera 2021"},{"@type":"BreadcrumbList","@id":"https:\/\/www.prolocoasciano.it\/meio-maschera-2021\/#breadcrumb","itemListElement":[{"@type":"ListItem","position":1,"name":"Home","item":"https:\/\/www.prolocoasciano.it\/"},{"@type":"ListItem","position":2,"name":"Meio Maschera 2021"}]},{"@type":"WebSite","@id":"https:\/\/www.prolocoasciano.it\/#website","url":"https:\/\/www.prolocoasciano.it\/","name":"Pro Loco Asciano","description":"Promozione e sviluppo del territorio di Asciano","publisher":{"@id":"https:\/\/www.prolocoasciano.it\/#organization"},"potentialAction":[{"@type":"SearchAction","target":{"@type":"EntryPoint","urlTemplate":"https:\/\/www.prolocoasciano.it\/?s={search_term_string}"},"query-input":{"@type":"PropertyValueSpecification","valueRequired":true,"valueName":"search_term_string"}}],"inLanguage":"en-GB"},{"@type":"Organization","@id":"https:\/\/www.prolocoasciano.it\/#organization","name":"Pro Loco Asciano APS","url":"https:\/\/www.prolocoasciano.it\/","logo":{"@type":"ImageObject","inLanguage":"en-GB","@id":"https:\/\/www.prolocoasciano.it\/#\/schema\/logo\/image\/","url":"https:\/\/www.prolocoasciano.it\/wp-content\/uploads\/2019\/02\/proloco_asciano_logo.png","contentUrl":"https:\/\/www.prolocoasciano.it\/wp-content\/uploads\/2019\/02\/proloco_asciano_logo.png","width":881,"height":557,"caption":"Pro Loco Asciano APS"},"image":{"@id":"https:\/\/www.prolocoasciano.it\/#\/schema\/logo\/image\/"}}]}},"_links":{"self":[{"href":"https:\/\/www.prolocoasciano.it\/en\/wp-json\/wp\/v2\/pages\/4688","targetHints":{"allow":["GET"]}}],"collection":[{"href":"https:\/\/www.prolocoasciano.it\/en\/wp-json\/wp\/v2\/pages"}],"about":[{"href":"https:\/\/www.prolocoasciano.it\/en\/wp-json\/wp\/v2\/types\/page"}],"author":[{"embeddable":true,"href":"https:\/\/www.prolocoasciano.it\/en\/wp-json\/wp\/v2\/users\/1"}],"replies":[{"embeddable":true,"href":"https:\/\/www.prolocoasciano.it\/en\/wp-json\/wp\/v2\/comments?post=4688"}],"version-history":[{"count":123,"href":"https:\/\/www.prolocoasciano.it\/en\/wp-json\/wp\/v2\/pages\/4688\/revisions"}],"predecessor-version":[{"id":4860,"href":"https:\/\/www.prolocoasciano.it\/en\/wp-json\/wp\/v2\/pages\/4688\/revisions\/4860"}],"wp:featuredmedia":[{"embeddable":true,"href":"https:\/\/www.prolocoasciano.it\/en\/wp-json\/wp\/v2\/media\/4824"}],"wp:attachment":[{"href":"https:\/\/www.prolocoasciano.it\/en\/wp-json\/wp\/v2\/media?parent=4688"}],"curies":[{"name":"wp","href":"https:\/\/api.w.org\/{rel}","templated":true}]}}